{"id":3,"date":"2025-03-18T20:08:01","date_gmt":"2025-03-18T19:08:01","guid":{"rendered":"https:\/\/vela-transport.com\/?page_id=3"},"modified":"2025-05-14T12:18:53","modified_gmt":"2025-05-14T10:18:53","slug":"politique-de-confidentialite","status":"publish","type":"page","link":"https:\/\/vela-transport.com\/fr\/politique-de-confidentialite\/","title":{"rendered":"Politique de confidentialit\u00e9"},"content":{"rendered":"\n<div style=\"height:100px\" aria-hidden=\"true\" class=\"wp-block-spacer space-type-1\"><\/div>\n\n\n\r\n<div\r\n        class=\"block-wrapper classic \"\r\n>\r\n        \r\n    <div class=\"wrapper normal\">\r\n        <div class=\"acf-innerblocks-container\">\n\n<h2 class=\"wp-block-heading\"><strong>Politique de confidentialit\u00e9 <\/strong><\/h2>\n\n\n\n<p><strong>Derni\u00e8re mise \u00e0 jour : 14\/05\/2025<\/strong><\/p>\n\n\n\n<p>VELA attache une grande importance \u00e0 la protection de vos donn\u00e9es personnelles. La pr\u00e9sente politique de confidentialit\u00e9 a pour objectif de vous informer de mani\u00e8re claire, simple et transparente sur la mani\u00e8re dont vos donn\u00e9es sont collect\u00e9es, utilis\u00e9es et prot\u00e9g\u00e9es dans le cadre de nos services et de notre site web <a class=\"\" href=\"https:\/\/vela-transport.com\">https:\/\/vela-transport.com<\/a>.<\/p>\n\n\n\n<h3 class=\"wp-block-heading\">1. Qui est responsable du traitement de vos donn\u00e9es ?<\/h3>\n\n\n\n<p>VELA : pascal@vela-transport.com<br><\/p>\n\n\n\n<h3 class=\"wp-block-heading\">2. Quelles donn\u00e9es sont collect\u00e9es ?<\/h3>\n\n\n\n<p>Nous pouvons collecter les donn\u00e9es suivantes :<\/p>\n\n\n\n<ul class=\"wp-block-list\">\n<li>Donn\u00e9es d\u2019identification (nom, pr\u00e9nom, entreprise, fonction)<\/li>\n\n\n\n<li>Coordonn\u00e9es (adresse e-mail, num\u00e9ro de t\u00e9l\u00e9phone)<\/li>\n\n\n\n<li>Donn\u00e9es de navigation (cookies, adresses IP, etc.)<\/li>\n\n\n\n<li>Donn\u00e9es professionnelles (si vous postulez ou entrez en contact avec notre \u00e9quipe)<\/li>\n<\/ul>\n\n\n\n<p><\/p>\n\n\n\n<h3 class=\"wp-block-heading\">3. \u00c0 quelles fins utilisons-nous vos donn\u00e9es ?<\/h3>\n\n\n\n<ul class=\"wp-block-list\">\n<li>Gestion des demandes commerciales ou m\u00e9dias<\/li>\n\n\n\n<li>R\u00e9ponse aux candidatures<\/li>\n\n\n\n<li>Am\u00e9lioration de l\u2019exp\u00e9rience utilisateur sur notre site<\/li>\n\n\n\n<li>Respect des obligations l\u00e9gales<\/li>\n<\/ul>\n\n\n\n<p><\/p>\n\n\n\n<h3 class=\"wp-block-heading\">4. Quelle est la base l\u00e9gale du traitement ?<\/h3>\n\n\n\n<ul class=\"wp-block-list\">\n<li>Votre consentement<\/li>\n\n\n\n<li>L\u2019ex\u00e9cution d\u2019un contrat ou de mesures pr\u00e9contractuelles<\/li>\n\n\n\n<li>L\u2019int\u00e9r\u00eat l\u00e9gitime de VELA \u00e0 d\u00e9velopper son activit\u00e9<\/li>\n<\/ul>\n\n\n\n<p><\/p>\n\n\n\n<h3 class=\"wp-block-heading\">5. Combien de temps conservons-nous vos donn\u00e9es ?<\/h3>\n\n\n\n<p>Les donn\u00e9es sont conserv\u00e9es pendant la dur\u00e9e n\u00e9cessaire aux finalit\u00e9s pour lesquelles elles sont collect\u00e9es, sauf obligation l\u00e9gale contraire.<\/p>\n\n\n\n<h3 class=\"wp-block-heading\">6. Vos droits<\/h3>\n\n\n\n<p>Conform\u00e9ment au RGPD, vous disposez des droits suivants :<\/p>\n\n\n\n<ul class=\"wp-block-list\">\n<li>Acc\u00e8s \u00e0 vos donn\u00e9es<\/li>\n\n\n\n<li>Rectification<\/li>\n\n\n\n<li>Suppression<\/li>\n\n\n\n<li>Limitation ou opposition au traitement<\/li>\n\n\n\n<li>Portabilit\u00e9<\/li>\n<\/ul>\n\n\n\n<p>Pour exercer vos droits, contactez-nous \u00e0 : [adresse e-mail DPO]<\/p>\n\n\n\n<h3 class=\"wp-block-heading\">7. Cookies<\/h3>\n\n\n\n<p>Le site utilise des cookies \u00e0 des fins de mesure d\u2019audience et de navigation. Vous pouvez les accepter ou les refuser via notre banni\u00e8re d\u00e9di\u00e9e.<\/p>\n\n\n\n<h3 class=\"wp-block-heading\">8. Modifications de la politique<\/h3>\n\n\n\n<p>Cette politique pourra \u00eatre mise \u00e0 jour \u00e0 tout moment. Nous vous invitons \u00e0 la consulter r\u00e9guli\u00e8rement.<\/p>\n\n<\/div>\r\n    <\/div>\r\n<\/div>\r\n","protected":false},"excerpt":{"rendered":"","protected":false},"author":1,"featured_media":0,"parent":0,"menu_order":0,"comment_status":"closed","ping_status":"open","template":"","meta":{"_acf_changed":false,"footnotes":""},"class_list":["post-3","page","type-page","status-publish","hentry"],"acf":[],"yoast_head":"<!-- This site is optimized with the Yoast SEO plugin v26.4 - https:\/\/yoast.com\/wordpress\/plugins\/seo\/ -->\n<title>Politique de confidentialit\u00e9 - VELA<\/title>\n<meta name=\"description\" content=\"La page pr\u00e9sentant la politique de confidentialit\u00e9 de Vela\" \/>\n<meta name=\"robots\" content=\"index, follow, max-snippet:-1, max-image-preview:large, max-video-preview:-1\" \/>\n<link rel=\"canonical\" href=\"https:\/\/vela-transport.com\/fr\/politique-de-confidentialite\/\" \/>\n<meta property=\"og:locale\" content=\"fr_FR\" \/>\n<meta property=\"og:type\" content=\"article\" \/>\n<meta property=\"og:title\" content=\"Politique de confidentialit\u00e9 - VELA\" \/>\n<meta property=\"og:description\" content=\"La page pr\u00e9sentant la politique de confidentialit\u00e9 de Vela\" \/>\n<meta property=\"og:url\" content=\"https:\/\/vela-transport.com\/fr\/politique-de-confidentialite\/\" \/>\n<meta property=\"og:site_name\" content=\"VELA\" \/>\n<meta property=\"article:modified_time\" content=\"2025-05-14T10:18:53+00:00\" \/>\n<meta name=\"twitter:card\" content=\"summary_large_image\" \/>\n<meta name=\"twitter:label1\" content=\"Dur\u00e9e de lecture estim\u00e9e\" \/>\n\t<meta name=\"twitter:data1\" content=\"2 minutes\" \/>\n<script type=\"application\/ld+json\" class=\"yoast-schema-graph\">{\"@context\":\"https:\/\/schema.org\",\"@graph\":[{\"@type\":\"WebPage\",\"@id\":\"https:\/\/vela-transport.com\/fr\/politique-de-confidentialite\/\",\"url\":\"https:\/\/vela-transport.com\/fr\/politique-de-confidentialite\/\",\"name\":\"Politique de confidentialit\u00e9 - VELA\",\"isPartOf\":{\"@id\":\"https:\/\/vela-transport.com\/fr\/#website\"},\"datePublished\":\"2025-03-18T19:08:01+00:00\",\"dateModified\":\"2025-05-14T10:18:53+00:00\",\"description\":\"La page pr\u00e9sentant la politique de confidentialit\u00e9 de Vela\",\"breadcrumb\":{\"@id\":\"https:\/\/vela-transport.com\/fr\/politique-de-confidentialite\/#breadcrumb\"},\"inLanguage\":\"fr-FR\",\"potentialAction\":[{\"@type\":\"ReadAction\",\"target\":[\"https:\/\/vela-transport.com\/fr\/politique-de-confidentialite\/\"]}]},{\"@type\":\"BreadcrumbList\",\"@id\":\"https:\/\/vela-transport.com\/fr\/politique-de-confidentialite\/#breadcrumb\",\"itemListElement\":[{\"@type\":\"ListItem\",\"position\":1,\"name\":\"Accueil\",\"item\":\"https:\/\/vela-transport.com\/fr\/\"},{\"@type\":\"ListItem\",\"position\":2,\"name\":\"Politique de confidentialit\u00e9\"}]},{\"@type\":\"WebSite\",\"@id\":\"https:\/\/vela-transport.com\/fr\/#website\",\"url\":\"https:\/\/vela-transport.com\/fr\/\",\"name\":\"VELA\",\"description\":\"L\u2019avion des mers\",\"potentialAction\":[{\"@type\":\"SearchAction\",\"target\":{\"@type\":\"EntryPoint\",\"urlTemplate\":\"https:\/\/vela-transport.com\/fr\/?s={search_term_string}\"},\"query-input\":{\"@type\":\"PropertyValueSpecification\",\"valueRequired\":true,\"valueName\":\"search_term_string\"}}],\"inLanguage\":\"fr-FR\"}]}<\/script>\n<!-- \/ Yoast SEO plugin. -->","yoast_head_json":{"title":"Politique de confidentialit\u00e9 - VELA","description":"La page pr\u00e9sentant la politique de confidentialit\u00e9 de Vela","robots":{"index":"index","follow":"follow","max-snippet":"max-snippet:-1","max-image-preview":"max-image-preview:large","max-video-preview":"max-video-preview:-1"},"canonical":"https:\/\/vela-transport.com\/fr\/politique-de-confidentialite\/","og_locale":"fr_FR","og_type":"article","og_title":"Politique de confidentialit\u00e9 - VELA","og_description":"La page pr\u00e9sentant la politique de confidentialit\u00e9 de Vela","og_url":"https:\/\/vela-transport.com\/fr\/politique-de-confidentialite\/","og_site_name":"VELA","article_modified_time":"2025-05-14T10:18:53+00:00","twitter_card":"summary_large_image","twitter_misc":{"Dur\u00e9e de lecture estim\u00e9e":"2 minutes"},"schema":{"@context":"https:\/\/schema.org","@graph":[{"@type":"WebPage","@id":"https:\/\/vela-transport.com\/fr\/politique-de-confidentialite\/","url":"https:\/\/vela-transport.com\/fr\/politique-de-confidentialite\/","name":"Politique de confidentialit\u00e9 - VELA","isPartOf":{"@id":"https:\/\/vela-transport.com\/fr\/#website"},"datePublished":"2025-03-18T19:08:01+00:00","dateModified":"2025-05-14T10:18:53+00:00","description":"La page pr\u00e9sentant la politique de confidentialit\u00e9 de Vela","breadcrumb":{"@id":"https:\/\/vela-transport.com\/fr\/politique-de-confidentialite\/#breadcrumb"},"inLanguage":"fr-FR","potentialAction":[{"@type":"ReadAction","target":["https:\/\/vela-transport.com\/fr\/politique-de-confidentialite\/"]}]},{"@type":"BreadcrumbList","@id":"https:\/\/vela-transport.com\/fr\/politique-de-confidentialite\/#breadcrumb","itemListElement":[{"@type":"ListItem","position":1,"name":"Accueil","item":"https:\/\/vela-transport.com\/fr\/"},{"@type":"ListItem","position":2,"name":"Politique de confidentialit\u00e9"}]},{"@type":"WebSite","@id":"https:\/\/vela-transport.com\/fr\/#website","url":"https:\/\/vela-transport.com\/fr\/","name":"VELA","description":"L\u2019avion des mers","potentialAction":[{"@type":"SearchAction","target":{"@type":"EntryPoint","urlTemplate":"https:\/\/vela-transport.com\/fr\/?s={search_term_string}"},"query-input":{"@type":"PropertyValueSpecification","valueRequired":true,"valueName":"search_term_string"}}],"inLanguage":"fr-FR"}]}},"_links":{"self":[{"href":"https:\/\/vela-transport.com\/fr\/wp-json\/wp\/v2\/pages\/3","targetHints":{"allow":["GET"]}}],"collection":[{"href":"https:\/\/vela-transport.com\/fr\/wp-json\/wp\/v2\/pages"}],"about":[{"href":"https:\/\/vela-transport.com\/fr\/wp-json\/wp\/v2\/types\/page"}],"author":[{"embeddable":true,"href":"https:\/\/vela-transport.com\/fr\/wp-json\/wp\/v2\/users\/1"}],"replies":[{"embeddable":true,"href":"https:\/\/vela-transport.com\/fr\/wp-json\/wp\/v2\/comments?post=3"}],"version-history":[{"count":4,"href":"https:\/\/vela-transport.com\/fr\/wp-json\/wp\/v2\/pages\/3\/revisions"}],"predecessor-version":[{"id":1434,"href":"https:\/\/vela-transport.com\/fr\/wp-json\/wp\/v2\/pages\/3\/revisions\/1434"}],"wp:attachment":[{"href":"https:\/\/vela-transport.com\/fr\/wp-json\/wp\/v2\/media?parent=3"}],"curies":[{"name":"wp","href":"https:\/\/api.w.org\/{rel}","templated":true}]}}